{"id":2645,"date":"2021-09-26T23:05:40","date_gmt":"2021-09-27T02:05:40","guid":{"rendered":"http:\/\/rafa.fisica.org.ar\/?page_id=2645"},"modified":"2021-10-05T14:00:29","modified_gmt":"2021-10-05T17:00:29","slug":"division-fisica-nuclear","status":"publish","type":"page","link":"http:\/\/rafa.fisica.org.ar\/en\/programa\/charlas-de-division\/division-fisica-nuclear\/","title":{"rendered":"Divisi\u00f3n F\u00edsica Nuclear"},"content":{"rendered":"\t\t<div data-elementor-type=\"wp-page\" data-elementor-id=\"2645\" class=\"elementor elementor-2645\" data-elementor-settings=\"[]\">\n\t\t\t\t\t\t\t<div class=\"elementor-section-wrap\">\n\t\t\t\t\t\t\t<section class=\"elementor-section elementor-top-section elementor-element elementor-element-8f29534 elementor-section-boxed elementor-section-height-default elementor-section-height-default\" data-id=\"8f29534\" data-element_type=\"section\">\n\t\t\t\t\t\t<div class=\"elementor-container elementor-column-gap-default\">\n\t\t\t\t\t<div class=\"elementor-column elementor-col-66 elementor-top-column elementor-element elementor-element-ea89778\" data-id=\"ea89778\" data-element_type=\"column\">\n\t\t\t<div class=\"elementor-widget-wrap elementor-element-populated\">\n\t\t\t\t\t\t\t\t<div class=\"elementor-element elementor-element-072d883 elementor-widget elementor-widget-wp-widget-gce_widget\" data-id=\"072d883\" data-element_type=\"widget\" data-widget_type=\"wp-widget-gce_widget.default\">\n\t\t\t\t<div class=\"elementor-widget-container\">\n\t\t\t<div class=\"simcal-calendar simcal-default-calendar simcal-default-calendar-list simcal-default-calendar-light\" data-calendar-id=\"2644\" data-timezone=\"America\/Sao_Paulo\" data-offset=\"-10800\" data-week-start=\"0\" data-calendar-start=\"1633921200\" data-calendar-end=\"1634139000\" data-events-first=\"1634045400\" data-events-last=\"1634139000\"><div class=\"simcal-calendar-list \"><dl class=\"simcal-events-list-container\" data-prev=\"1631329200\" data-next=\"1636599600\" data-heading-small=\"Oct 2021\" data-heading-large=\"October 2021\">\t<dt class=\"simcal-day-label\" style=\"border-bottom: 1px solid #14259b;\" ><span style=\"background-color: #14259b; color: #ffffff;\"><span class=\"simcal-date-format\" data-date-format=\"d\/m\/Y\">12\/10\/2021<\/span> <\/span><\/dt>\n<dd class=\"simcal-weekday-2 simcal-past simcal-day simcal-day-has-events simcal-day-has-1-events simcal-events-calendar-2644 simcal-day-has-events simcal-day-has-2-events simcal-events-calendar-2644 simcal-day-has-events simcal-day-has-3-events simcal-events-calendar-2644 simcal-day-has-events simcal-day-has-4-events simcal-events-calendar-2644\" data-events-count=\"4\">\n\t<ul class=\"simcal-events\">\n\t<li class=\"simcal-event simcal-events-calendar-2644\" style=\"\" itemscope itemtype=\"http:\/\/schema.org\/Event\" data-start=\"1634045400\">\n\t\t<div class=\"simcal-event-details\"><p><strong><span class=\"simcal-event-title\" itemprop=\"name\">Investigaci\u00f3n b\u00e1sica y aplicada en el Acelerador TANDAR<\/span><\/strong><\/p>\n<p><span class=\"simcal-event-start simcal-event-start-date\" data-event-start=\"1634045400\" data-event-format=\"d\/m\/Y\" itemprop=\"startDate\" content=\"2021-10-12T10:30:00-03:00\">12\/10\/2021<\/span>&nbsp;&nbsp;<span class=\"simcal-event-start simcal-event-start-time\" data-event-start=\"1634045400\" data-event-format=\"G:i a\" itemprop=\"startDate\" content=\"2021-10-12T10:30:00-03:00\">10:30 am<\/span> - <span class=\"simcal-event-end simcal-event-end-time\" data-event-end=\"1634047200\" data-event-format=\"G:i a\" itemprop=\"endDate\" content=\"2021-10-12T11:00:00-03:00\">11:00 am<\/span><br \/>\n <span class=\"simcal-event-address simcal-event-start-location\" itemprop=\"location\" itemscope itemtype=\"http:\/\/schema.org\/Place\"><meta itemprop=\"name\" content=\"Investigaci\u00f3n b\u00e1sica y aplicada en el Acelerador TANDAR\" \/><meta itemprop=\"address\" content=\"Investigaci\u00f3n b\u00e1sica y aplicada en el Acelerador TANDAR\" \/><\/span><\/p>\n<div><div class=\"simcal-event-description\" itemprop=\"description\"><p><b>Expositor<\/b><br \/>&nbsp;&nbsp; Andr\u00e9s Arazi. <\/p>\n<p><a href=\"https:\/\/rafa2021.sytes.net\/pdf\/P8275\" id=\"ow26697\"><b>Ver resumen.<\/b><\/a><\/p>\n<\/div><\/div><\/div>\n\t<\/li>\n\t<li class=\"simcal-event simcal-events-calendar-2644\" style=\"\" itemscope itemtype=\"http:\/\/schema.org\/Event\" data-start=\"1634047200\">\n\t\t<div class=\"simcal-event-details\"><p><strong><span class=\"simcal-event-title\" itemprop=\"name\">Estudio de los m\u00faltiples canales de reacci\u00f3n del n\u00facleo d\u00e9bilmente ligado 2h con blancos de 197Au<\/span><\/strong><\/p>\n<p><span class=\"simcal-event-start simcal-event-start-date\" data-event-start=\"1634047200\" data-event-format=\"d\/m\/Y\" itemprop=\"startDate\" content=\"2021-10-12T11:00:00-03:00\">12\/10\/2021<\/span>&nbsp;&nbsp;<span class=\"simcal-event-start simcal-event-start-time\" data-event-start=\"1634047200\" data-event-format=\"G:i a\" itemprop=\"startDate\" content=\"2021-10-12T11:00:00-03:00\">11:00 am<\/span> - <span class=\"simcal-event-end simcal-event-end-time\" data-event-end=\"1634049000\" data-event-format=\"G:i a\" itemprop=\"endDate\" content=\"2021-10-12T11:30:00-03:00\">11:30 am<\/span><br \/>\n <span class=\"simcal-event-address simcal-event-start-location\" itemprop=\"location\" itemscope itemtype=\"http:\/\/schema.org\/Place\"><meta itemprop=\"name\" content=\"Estudio de los m\u00faltiples canales de reacci\u00f3n del n\u00facleo d\u00e9bilmente ligado 2h con blancos de 197Au\" \/><meta itemprop=\"address\" content=\"Estudio de los m\u00faltiples canales de reacci\u00f3n del n\u00facleo d\u00e9bilmente ligado 2h con blancos de 197Au\" \/><\/span><\/p>\n<div><div class=\"simcal-event-description\" itemprop=\"description\"><p><b>Expositor<\/b><br \/>&nbsp;&nbsp; Tom\u00e1s A. Giudice. <\/p>\n<p><a href=\"https:\/\/rafa2021.sytes.net\/pdf\/P8271\" id=\"ow26895\"><b>Ver resumen.<\/b><\/a><\/p>\n<\/div><\/div><\/div>\n\t<\/li>\n\t<li class=\"simcal-event simcal-events-calendar-2644\" style=\"\" itemscope itemtype=\"http:\/\/schema.org\/Event\" data-start=\"1634049000\">\n\t\t<div class=\"simcal-event-details\"><p><strong><span class=\"simcal-event-title\" itemprop=\"name\">C\u00e1lculos de canales acoplados para proyectiles d\u00e9bilmente ligados en in teracci\u00f3n con 197Au<\/span><\/strong><\/p>\n<p><span class=\"simcal-event-start simcal-event-start-date\" data-event-start=\"1634049000\" data-event-format=\"d\/m\/Y\" itemprop=\"startDate\" content=\"2021-10-12T11:30:00-03:00\">12\/10\/2021<\/span>&nbsp;&nbsp;<span class=\"simcal-event-start simcal-event-start-time\" data-event-start=\"1634049000\" data-event-format=\"G:i a\" itemprop=\"startDate\" content=\"2021-10-12T11:30:00-03:00\">11:30 am<\/span> - <span class=\"simcal-event-end simcal-event-end-time\" data-event-end=\"1634050800\" data-event-format=\"G:i a\" itemprop=\"endDate\" content=\"2021-10-12T12:00:00-03:00\">12:00 pm<\/span><br \/>\n <span class=\"simcal-event-address simcal-event-start-location\" itemprop=\"location\" itemscope itemtype=\"http:\/\/schema.org\/Place\"><meta itemprop=\"name\" content=\"C\u00e1lculos de canales acoplados para proyectiles d\u00e9bilmente ligados en in teracci\u00f3n con 197Au\" \/><meta itemprop=\"address\" content=\"C\u00e1lculos de canales acoplados para proyectiles d\u00e9bilmente ligados en in teracci\u00f3n con 197Au\" \/><\/span><\/p>\n<div><div class=\"simcal-event-description\" itemprop=\"description\"><p><b>Expositora<\/b><br \/>&nbsp;&nbsp; B\u00e1rbara Paes. <\/p>\n<p><a href=\"https:\/\/rafa2021.sytes.net\/pdf\/P8273\" id=\"ow27093\"><b>Ver resumen.<\/b><\/a><\/p>\n<\/div><\/div><\/div>\n\t<\/li>\n\t<li class=\"simcal-event simcal-events-calendar-2644\" style=\"\" itemscope itemtype=\"http:\/\/schema.org\/Event\" data-start=\"1634050800\">\n\t\t<div class=\"simcal-event-details\"><p><strong><span class=\"simcal-event-title\" itemprop=\"name\">Reacciones de transferencia en el sistema 6Li+89Y con energ\u00edas cerca de la barrera coulombiana<\/span><\/strong><\/p>\n<p><span class=\"simcal-event-start simcal-event-start-date\" data-event-start=\"1634050800\" data-event-format=\"d\/m\/Y\" itemprop=\"startDate\" content=\"2021-10-12T12:00:00-03:00\">12\/10\/2021<\/span>&nbsp;&nbsp;<span class=\"simcal-event-start simcal-event-start-time\" data-event-start=\"1634050800\" data-event-format=\"G:i a\" itemprop=\"startDate\" content=\"2021-10-12T12:00:00-03:00\">12:00 pm<\/span> - <span class=\"simcal-event-end simcal-event-end-time\" data-event-end=\"1634052600\" data-event-format=\"G:i a\" itemprop=\"endDate\" content=\"2021-10-12T12:30:00-03:00\">12:30 pm<\/span><br \/>\n <span class=\"simcal-event-address simcal-event-start-location\" itemprop=\"location\" itemscope itemtype=\"http:\/\/schema.org\/Place\"><meta itemprop=\"name\" content=\"Reacciones de transferencia en el sistema 6Li+89Y con energ\u00edas cerca de la barrera coulombiana\" \/><meta itemprop=\"address\" content=\"Reacciones de transferencia en el sistema 6Li+89Y con energ\u00edas cerca de la barrera coulombiana\" \/><\/span><\/p>\n<div><div class=\"simcal-event-description\" itemprop=\"description\"><p><b>Expositor<\/b><br \/>&nbsp;&nbsp; Hugo Soler de Oliveira.<\/p>\n<p><a href=\"https:\/\/rafa2021.sytes.net\/pdf\/P8276\" id=\"ow27291\"><b>Ver resumen.<\/b><\/a><\/p>\n<\/div><\/div><\/div>\n\t<\/li>\n<\/ul>\n\n<\/dd>\n\t<dt class=\"simcal-day-label\" style=\"border-bottom: 1px solid #14259b;\" ><span style=\"background-color: #14259b; color: #ffffff;\"><span class=\"simcal-date-format\" data-date-format=\"d\/m\/Y\">13\/10\/2021<\/span> <\/span><\/dt>\n<dd class=\"simcal-weekday-3 simcal-past simcal-day simcal-day-has-events simcal-day-has-1-events simcal-events-calendar-2644 simcal-day-has-events simcal-day-has-2-events simcal-events-calendar-2644 simcal-day-has-events simcal-day-has-3-events simcal-events-calendar-2644 simcal-day-has-events simcal-day-has-4-events simcal-events-calendar-2644\" data-events-count=\"4\">\n\t<ul class=\"simcal-events\">\n\t<li class=\"simcal-event simcal-events-calendar-2644\" style=\"\" itemscope itemtype=\"http:\/\/schema.org\/Event\" data-start=\"1634131800\">\n\t\t<div class=\"simcal-event-details\"><p><strong><span class=\"simcal-event-title\" itemprop=\"name\">Complete and incomplete fusion of 7Li projectiles on heavy targets<\/span><\/strong><\/p>\n<p><span class=\"simcal-event-start simcal-event-start-date\" data-event-start=\"1634131800\" data-event-format=\"d\/m\/Y\" itemprop=\"startDate\" content=\"2021-10-13T10:30:00-03:00\">13\/10\/2021<\/span>&nbsp;&nbsp;<span class=\"simcal-event-start simcal-event-start-time\" data-event-start=\"1634131800\" data-event-format=\"G:i a\" itemprop=\"startDate\" content=\"2021-10-13T10:30:00-03:00\">10:30 am<\/span> - <span class=\"simcal-event-end simcal-event-end-time\" data-event-end=\"1634133600\" data-event-format=\"G:i a\" itemprop=\"endDate\" content=\"2021-10-13T11:00:00-03:00\">11:00 am<\/span><br \/>\n <span class=\"simcal-event-address simcal-event-start-location\" itemprop=\"location\" itemscope itemtype=\"http:\/\/schema.org\/Place\"><meta itemprop=\"name\" content=\"Complete and incomplete fusion of 7Li projectiles on heavy targets\" \/><meta itemprop=\"address\" content=\"Complete and incomplete fusion of 7Li projectiles on heavy targets\" \/><\/span><\/p>\n<div><div class=\"simcal-event-description\" itemprop=\"description\"><p><b>Expositor<\/b><br \/>&nbsp;&nbsp; Jes\u00fas Lubian. <\/p>\n<p><a href=\"https:\/\/rafa2021.sytes.net\/pdf\/P8277\" id=\"ow27489\"><b>Ver resumen.<\/b><\/a><\/p>\n<\/div><\/div><\/div>\n\t<\/li>\n\t<li class=\"simcal-event simcal-events-calendar-2644\" style=\"\" itemscope itemtype=\"http:\/\/schema.org\/Event\" data-start=\"1634133600\">\n\t\t<div class=\"simcal-event-details\"><p><strong><span class=\"simcal-event-title\" itemprop=\"name\">An\u00e1lisis microsc\u00f3pico de la clusterizaci\u00f3n Alfa en los n\u00facleos 44Ti y 212Po<\/span><\/strong><\/p>\n<p><span class=\"simcal-event-start simcal-event-start-date\" data-event-start=\"1634133600\" data-event-format=\"d\/m\/Y\" itemprop=\"startDate\" content=\"2021-10-13T11:00:00-03:00\">13\/10\/2021<\/span>&nbsp;&nbsp;<span class=\"simcal-event-start simcal-event-start-time\" data-event-start=\"1634133600\" data-event-format=\"G:i a\" itemprop=\"startDate\" content=\"2021-10-13T11:00:00-03:00\">11:00 am<\/span> - <span class=\"simcal-event-end simcal-event-end-time\" data-event-end=\"1634135400\" data-event-format=\"G:i a\" itemprop=\"endDate\" content=\"2021-10-13T11:30:00-03:00\">11:30 am<\/span><br \/>\n <span class=\"simcal-event-address simcal-event-start-location\" itemprop=\"location\" itemscope itemtype=\"http:\/\/schema.org\/Place\"><meta itemprop=\"name\" content=\"An\u00e1lisis microsc\u00f3pico de la clusterizaci\u00f3n Alfa en los n\u00facleos 44Ti y 212Po\" \/><meta itemprop=\"address\" content=\"An\u00e1lisis microsc\u00f3pico de la clusterizaci\u00f3n Alfa en los n\u00facleos 44Ti y 212Po\" \/><\/span><\/p>\n<div><div class=\"simcal-event-description\" itemprop=\"description\"><p><b>Expositor<\/b><br \/>&nbsp;&nbsp; Alan C. Dassie.<\/p>\n<p><a href=\"https:\/\/rafa2021.sytes.net\/pdf\/P7697\" id=\"ow27687\"><b>Ver resumen.<\/b><\/a><\/p>\n<\/div><\/div><\/div>\n\t<\/li>\n\t<li class=\"simcal-event simcal-events-calendar-2644\" style=\"\" itemscope itemtype=\"http:\/\/schema.org\/Event\" data-start=\"1634135400\">\n\t\t<div class=\"simcal-event-details\"><p><strong><span class=\"simcal-event-title\" itemprop=\"name\">M\u00e9todos matriciales aplicados al c\u00e1lculo de factores de correcci\u00f3n por efectos de coincidence summing en espectros gamma.<\/span><\/strong><\/p>\n<p><span class=\"simcal-event-start simcal-event-start-date\" data-event-start=\"1634135400\" data-event-format=\"d\/m\/Y\" itemprop=\"startDate\" content=\"2021-10-13T11:30:00-03:00\">13\/10\/2021<\/span>&nbsp;&nbsp;<span class=\"simcal-event-start simcal-event-start-time\" data-event-start=\"1634135400\" data-event-format=\"G:i a\" itemprop=\"startDate\" content=\"2021-10-13T11:30:00-03:00\">11:30 am<\/span> - <span class=\"simcal-event-end simcal-event-end-time\" data-event-end=\"1634137200\" data-event-format=\"G:i a\" itemprop=\"endDate\" content=\"2021-10-13T12:00:00-03:00\">12:00 pm<\/span><br \/>\n <span class=\"simcal-event-address simcal-event-start-location\" itemprop=\"location\" itemscope itemtype=\"http:\/\/schema.org\/Place\"><meta itemprop=\"name\" content=\"M\u00e9todos matriciales aplicados al c\u00e1lculo de factores de correcci\u00f3n por efectos de coincidence summing en espectros gamma.\" \/><meta itemprop=\"address\" content=\"M\u00e9todos matriciales aplicados al c\u00e1lculo de factores de correcci\u00f3n por efectos de coincidence summing en espectros gamma.\" \/><\/span><\/p>\n<div><div class=\"simcal-event-description\" itemprop=\"description\"><p><b>Expositor<\/b><br \/>&nbsp;&nbsp; Enrique R. Gonz\u00e1lez. <\/p>\n<p><a href=\"https:\/\/rafa2021.sytes.net\/pdf\/P8050\" id=\"ow27885\"><b>Ver resumen.<\/b><\/a><\/p>\n<\/div><\/div><\/div>\n\t<\/li>\n\t<li class=\"simcal-event simcal-events-calendar-2644\" style=\"\" itemscope itemtype=\"http:\/\/schema.org\/Event\" data-start=\"1634137200\">\n\t\t<div class=\"simcal-event-details\"><p><strong><span class=\"simcal-event-title\" itemprop=\"name\">F\u00edsica Nuclear experimental en pandemia. \u00bfLimitaci\u00f3n u oportunidad?<\/span><\/strong><\/p>\n<p><span class=\"simcal-event-start simcal-event-start-date\" data-event-start=\"1634137200\" data-event-format=\"d\/m\/Y\" itemprop=\"startDate\" content=\"2021-10-13T12:00:00-03:00\">13\/10\/2021<\/span>&nbsp;&nbsp;<span class=\"simcal-event-start simcal-event-start-time\" data-event-start=\"1634137200\" data-event-format=\"G:i a\" itemprop=\"startDate\" content=\"2021-10-13T12:00:00-03:00\">12:00 pm<\/span> - <span class=\"simcal-event-end simcal-event-end-time\" data-event-end=\"1634139000\" data-event-format=\"G:i a\" itemprop=\"endDate\" content=\"2021-10-13T12:30:00-03:00\">12:30 pm<\/span><br \/>\n <span class=\"simcal-event-address simcal-event-start-location\" itemprop=\"location\" itemscope itemtype=\"http:\/\/schema.org\/Place\"><meta itemprop=\"name\" content=\"F\u00edsica Nuclear experimental en pandemia. \u00bfLimitaci\u00f3n u oportunidad?\" \/><meta itemprop=\"address\" content=\"F\u00edsica Nuclear experimental en pandemia. \u00bfLimitaci\u00f3n u oportunidad?\" \/><\/span><\/p>\n<div><div class=\"simcal-event-description\" itemprop=\"description\"><p><b>Expositor<\/b><br \/>&nbsp;&nbsp; Miguel Carrillo. <\/p>\n<p><a href=\"https:\/\/rafa2021.sytes.net\/pdf\/P8272\" id=\"ow28083\"><b>Ver resumen.<\/b><\/a><\/p>\n<\/div><\/div><\/div>\n\t<\/li>\n<\/ul>\n\n<\/dd>\n<\/dl><div class=\"simcal-ajax-loader simcal-spinner-top\" style=\"display: none;\"><i class=\"simcal-icon-spinner simcal-icon-spin\"><\/i><\/div><\/div><\/div>\t\t<\/div>\n\t\t\t\t<\/div>\n\t\t\t\t\t<\/div>\n\t\t<\/div>\n\t\t\t\t<div class=\"elementor-column elementor-col-33 elementor-top-column elementor-element elementor-element-f362a53\" data-id=\"f362a53\" data-element_type=\"column\">\n\t\t\t<div class=\"elementor-widget-wrap elementor-element-populated\">\n\t\t\t\t\t\t\t\t<div class=\"elementor-element elementor-element-de7aa6a elementor-widget elementor-widget-text-editor\" data-id=\"de7aa6a\" data-element_type=\"widget\" data-widget_type=\"text-editor.default\">\n\t\t\t\t<div class=\"elementor-widget-container\">\n\t\t\t\t\t\t\t<p><strong>Coordinador<\/strong><br \/><strong>Dr. Rodolfo Id Betan<\/strong><br \/>Instituto de F\u00edsica Rosario (CONICET-UNR)<\/p><p><strong>Comit\u00e9 Ejecutivo<\/strong><br \/><strong>Ing. Miguel Angel Carrillo<\/strong><br \/>Universidad Nacional de Tucum\u00e1n<br \/><strong>Lic. Christian Balpardo<\/strong><br \/>Laboratorio de Metrolog\u00eda, CAE &#8211; CNEA<br \/><strong>Lic. Fernando Gollan<\/strong> <br \/>Laboratorio Tandar, CAC &#8211; CNEA<br \/><strong>Dr. Dar\u00edo Rodrigues<\/strong><br \/>CONICET &#8211; CAC, CNEA<\/p><div>\u00a0<\/div>\t\t\t\t\t\t<\/div>\n\t\t\t\t<\/div>\n\t\t\t\t<div class=\"elementor-element elementor-element-8e7904b elementor-widget elementor-widget-button\" data-id=\"8e7904b\" data-element_type=\"widget\" data-widget_type=\"button.default\">\n\t\t\t\t<div class=\"elementor-widget-container\">\n\t\t\t\t\t<div class=\"elementor-button-wrapper\">\n\t\t\t<a href=\"https:\/\/calendar.google.com\/calendar\/u\/0?cid=bnQ4MGtkNWp0Ym9hbXFzNWV1Z25xaTcwN2tAZ3JvdXAuY2FsZW5kYXIuZ29vZ2xlLmNvbQ\" class=\"elementor-button-link elementor-button elementor-size-lg\" role=\"button\">\n\t\t\t\t\t\t<span class=\"elementor-button-content-wrapper\">\n\t\t\t\t\t\t<span class=\"elementor-button-text\">Copiar en mi calendario<\/span>\n\t\t<\/span>\n\t\t\t\t\t<\/a>\n\t\t<\/div>\n\t\t\t\t<\/div>\n\t\t\t\t<\/div>\n\t\t\t\t\t<\/div>\n\t\t<\/div>\n\t\t\t\t\t\t\t<\/div>\n\t\t<\/section>\n\t\t\t\t\t\t<\/div>\n\t\t\t\t\t<\/div>\n\t\t","protected":false},"excerpt":{"rendered":"<p>CoordinadorDr. Rodolfo Id BetanInstituto de F\u00edsica Rosario (CONICET-UNR) Comit\u00e9 EjecutivoIng. Miguel Angel CarrilloUniversidad Nacional de Tucum\u00e1nLic. Christian BalpardoLaboratorio de Metrolog\u00eda, CAE &#8211; CNEALic. Fernando Gollan Laboratorio Tandar, CAC &#8211; CNEADr.&hellip;&nbsp;<a href=\"http:\/\/rafa.fisica.org.ar\/en\/programa\/charlas-de-division\/division-fisica-nuclear\/\" class=\"\" rel=\"bookmark\">Read More &raquo;<span class=\"screen-reader-text\">Divisi\u00f3n F\u00edsica Nuclear<\/span><\/a><\/p>\n","protected":false},"author":2,"featured_media":0,"parent":94,"menu_order":0,"comment_status":"closed","ping_status":"closed","template":"","meta":{"neve_meta_sidebar":"full-width","neve_meta_container":"","neve_meta_enable_content_width":"off","neve_meta_content_width":100,"neve_meta_title_alignment":"","neve_meta_author_avatar":"","neve_post_elements_order":"","neve_meta_disable_header":"","neve_meta_disable_footer":"","neve_meta_disable_title":"","_ti_tpc_template_sync":false,"_ti_tpc_template_id":"","footnotes":""},"class_list":["post-2645","page","type-page","status-publish","hentry"],"_links":{"self":[{"href":"http:\/\/rafa.fisica.org.ar\/en\/wp-json\/wp\/v2\/pages\/2645","targetHints":{"allow":["GET"]}}],"collection":[{"href":"http:\/\/rafa.fisica.org.ar\/en\/wp-json\/wp\/v2\/pages"}],"about":[{"href":"http:\/\/rafa.fisica.org.ar\/en\/wp-json\/wp\/v2\/types\/page"}],"author":[{"embeddable":true,"href":"http:\/\/rafa.fisica.org.ar\/en\/wp-json\/wp\/v2\/users\/2"}],"replies":[{"embeddable":true,"href":"http:\/\/rafa.fisica.org.ar\/en\/wp-json\/wp\/v2\/comments?post=2645"}],"version-history":[{"count":13,"href":"http:\/\/rafa.fisica.org.ar\/en\/wp-json\/wp\/v2\/pages\/2645\/revisions"}],"predecessor-version":[{"id":3065,"href":"http:\/\/rafa.fisica.org.ar\/en\/wp-json\/wp\/v2\/pages\/2645\/revisions\/3065"}],"up":[{"embeddable":true,"href":"http:\/\/rafa.fisica.org.ar\/en\/wp-json\/wp\/v2\/pages\/94"}],"wp:attachment":[{"href":"http:\/\/rafa.fisica.org.ar\/en\/wp-json\/wp\/v2\/media?parent=2645"}],"curies":[{"name":"wp","href":"https:\/\/api.w.org\/{rel}","templated":true}]}}