{"id":2737,"date":"2021-09-27T00:02:11","date_gmt":"2021-09-27T03:02:11","guid":{"rendered":"http:\/\/rafa.fisica.org.ar\/?page_id=2737"},"modified":"2021-10-05T14:01:52","modified_gmt":"2021-10-05T17:01:52","slug":"division-particulas-y-campos","status":"publish","type":"page","link":"http:\/\/rafa.fisica.org.ar\/en\/programa\/charlas-de-division\/division-particulas-y-campos\/","title":{"rendered":"Divisi\u00f3n Part\u00edculas y Campos"},"content":{"rendered":"\t\t<div data-elementor-type=\"wp-page\" data-elementor-id=\"2737\" class=\"elementor elementor-2737\" data-elementor-settings=\"[]\">\n\t\t\t\t\t\t\t<div class=\"elementor-section-wrap\">\n\t\t\t\t\t\t\t<section class=\"elementor-section elementor-top-section elementor-element elementor-element-8f29534 elementor-section-boxed elementor-section-height-default elementor-section-height-default\" data-id=\"8f29534\" data-element_type=\"section\">\n\t\t\t\t\t\t<div class=\"elementor-container elementor-column-gap-default\">\n\t\t\t\t\t<div class=\"elementor-column elementor-col-66 elementor-top-column elementor-element elementor-element-ea89778\" data-id=\"ea89778\" data-element_type=\"column\">\n\t\t\t<div class=\"elementor-widget-wrap elementor-element-populated\">\n\t\t\t\t\t\t\t\t<div class=\"elementor-element elementor-element-072d883 elementor-widget elementor-widget-wp-widget-gce_widget\" data-id=\"072d883\" data-element_type=\"widget\" data-widget_type=\"wp-widget-gce_widget.default\">\n\t\t\t\t<div class=\"elementor-widget-container\">\n\t\t\t<div class=\"simcal-calendar simcal-default-calendar simcal-default-calendar-list simcal-default-calendar-light\" data-calendar-id=\"2736\" data-timezone=\"America\/Sao_Paulo\" data-offset=\"-10800\" data-week-start=\"0\" data-calendar-start=\"1633921200\" data-calendar-end=\"1634227200\" data-events-first=\"1634130000\" data-events-last=\"1634227200\"><div class=\"simcal-calendar-list \"><dl class=\"simcal-events-list-container\" data-prev=\"1631329200\" data-next=\"1636599600\" data-heading-small=\"Oct 2021\" data-heading-large=\"October 2021\">\t<dt class=\"simcal-day-label\" style=\"border-bottom: 1px solid #14259b;\" ><span style=\"background-color: #14259b; color: #ffffff;\"><span class=\"simcal-date-format\" data-date-format=\"d\/m\/Y\">13\/10\/2021<\/span> <\/span><\/dt>\n<dd class=\"simcal-weekday-3 simcal-past simcal-day simcal-day-has-events simcal-day-has-1-events simcal-events-calendar-2736 simcal-day-has-events simcal-day-has-2-events simcal-events-calendar-2736 simcal-day-has-events simcal-day-has-3-events simcal-events-calendar-2736 simcal-day-has-events simcal-day-has-4-events simcal-events-calendar-2736 simcal-day-has-events simcal-day-has-5-events simcal-events-calendar-2736 simcal-day-has-events simcal-day-has-6-events simcal-events-calendar-2736 simcal-day-has-events simcal-day-has-7-events simcal-events-calendar-2736\" data-events-count=\"7\">\n\t<ul class=\"simcal-events\">\n\t<li class=\"simcal-event simcal-events-calendar-2736\" style=\"\" itemscope itemtype=\"http:\/\/schema.org\/Event\" data-start=\"1634130000\">\n\t\t<div class=\"simcal-event-details\"><p><strong><span class=\"simcal-event-title\" itemprop=\"name\">Coordenadas doblemente nulas en espaciotiempo de Kerr<\/span><\/strong><\/p>\n<p><span class=\"simcal-event-start simcal-event-start-date\" data-event-start=\"1634130000\" data-event-format=\"d\/m\/Y\" itemprop=\"startDate\" content=\"2021-10-13T10:00:00-03:00\">13\/10\/2021<\/span>&nbsp;&nbsp;<span class=\"simcal-event-start simcal-event-start-time\" data-event-start=\"1634130000\" data-event-format=\"G:i a\" itemprop=\"startDate\" content=\"2021-10-13T10:00:00-03:00\">10:00 am<\/span> - <span class=\"simcal-event-end simcal-event-end-time\" data-event-end=\"1634131200\" data-event-format=\"G:i a\" itemprop=\"endDate\" content=\"2021-10-13T10:20:00-03:00\">10:20 am<\/span><br \/>\n <span class=\"simcal-event-address simcal-event-start-location\" itemprop=\"location\" itemscope itemtype=\"http:\/\/schema.org\/Place\"><meta itemprop=\"name\" content=\"Coordenadas doblemente nulas en espaciotiempo de Kerr\" \/><meta itemprop=\"address\" content=\"Coordenadas doblemente nulas en espaciotiempo de Kerr\" \/><\/span><\/p>\n<div><div class=\"simcal-event-description\" itemprop=\"description\"><p><b>Expositor<\/b><br \/>&nbsp;&nbsp; Marcos Arga\u00f1araz. <\/p>\n<p><a href=\"https:\/\/rafa2021.sytes.net\/pdf\/P7718\" id=\"ow56022\"><b>Ver resumen.<\/b><\/a><\/p>\n<\/div><\/div><\/div>\n\t<\/li>\n\t<li class=\"simcal-event simcal-events-calendar-2736\" style=\"\" itemscope itemtype=\"http:\/\/schema.org\/Event\" data-start=\"1634131200\">\n\t\t<div class=\"simcal-event-details\"><p><strong><span class=\"simcal-event-title\" itemprop=\"name\">Cohete superradiante de agujero negro<\/span><\/strong><\/p>\n<p><span class=\"simcal-event-start simcal-event-start-date\" data-event-start=\"1634131200\" data-event-format=\"d\/m\/Y\" itemprop=\"startDate\" content=\"2021-10-13T10:20:00-03:00\">13\/10\/2021<\/span>&nbsp;&nbsp;<span class=\"simcal-event-start simcal-event-start-time\" data-event-start=\"1634131200\" data-event-format=\"G:i a\" itemprop=\"startDate\" content=\"2021-10-13T10:20:00-03:00\">10:20 am<\/span> - <span class=\"simcal-event-end simcal-event-end-time\" data-event-end=\"1634132400\" data-event-format=\"G:i a\" itemprop=\"endDate\" content=\"2021-10-13T10:40:00-03:00\">10:40 am<\/span><br \/>\n <span class=\"simcal-event-address simcal-event-start-location\" itemprop=\"location\" itemscope itemtype=\"http:\/\/schema.org\/Place\"><meta itemprop=\"name\" content=\"Cohete superradiante de agujero negro\" \/><meta itemprop=\"address\" content=\"Cohete superradiante de agujero negro\" \/><\/span><\/p>\n<div><div class=\"simcal-event-description\" itemprop=\"description\"><p><b>Expositor<\/b><br \/>&nbsp;&nbsp; Lucas Acito.<\/p>\n<p><a href=\"https:\/\/rafa2021.sytes.net\/pdf\/P8028\" id=\"ow56224\"><b>Ver resumen.<\/b><\/a><\/p>\n<\/div><\/div><\/div>\n\t<\/li>\n\t<li class=\"simcal-event simcal-events-calendar-2736\" style=\"\" itemscope itemtype=\"http:\/\/schema.org\/Event\" data-start=\"1634132400\">\n\t\t<div class=\"simcal-event-details\"><p><strong><span class=\"simcal-event-title\" itemprop=\"name\">Fluctuaciones cu\u00e1nticas del vac\u00edo en presencia de medios no-homog\u00e9neos<\/span><\/strong><\/p>\n<p><span class=\"simcal-event-start simcal-event-start-date\" data-event-start=\"1634132400\" data-event-format=\"d\/m\/Y\" itemprop=\"startDate\" content=\"2021-10-13T10:40:00-03:00\">13\/10\/2021<\/span>&nbsp;&nbsp;<span class=\"simcal-event-start simcal-event-start-time\" data-event-start=\"1634132400\" data-event-format=\"G:i a\" itemprop=\"startDate\" content=\"2021-10-13T10:40:00-03:00\">10:40 am<\/span> - <span class=\"simcal-event-end simcal-event-end-time\" data-event-end=\"1634133600\" data-event-format=\"G:i a\" itemprop=\"endDate\" content=\"2021-10-13T11:00:00-03:00\">11:00 am<\/span><br \/>\n <span class=\"simcal-event-address simcal-event-start-location\" itemprop=\"location\" itemscope itemtype=\"http:\/\/schema.org\/Place\"><meta itemprop=\"name\" content=\"Fluctuaciones cu\u00e1nticas del vac\u00edo en presencia de medios no-homog\u00e9neos\" \/><meta itemprop=\"address\" content=\"Fluctuaciones cu\u00e1nticas del vac\u00edo en presencia de medios no-homog\u00e9neos\" \/><\/span><\/p>\n<div><div class=\"simcal-event-description\" itemprop=\"description\"><p><b>Expositor<\/b><br \/>&nbsp;&nbsp; Matias Manti\u00f1an. <\/p>\n<p><a href=\"https:\/\/rafa2021.sytes.net\/pdf\/P7831\" id=\"ow56426\"><b>Ver resumen.<\/b><\/a><\/p>\n<\/div><\/div><\/div>\n\t<\/li>\n\t<li class=\"simcal-event simcal-events-calendar-2736\" style=\"\" itemscope itemtype=\"http:\/\/schema.org\/Event\" data-start=\"1634133600\">\n\t\t<div class=\"simcal-event-details\"><p><strong><span class=\"simcal-event-title\" itemprop=\"name\">Campos Magn\u00e9ticos Cosmol\u00f3gicos<\/span><\/strong><\/p>\n<p><span class=\"simcal-event-start simcal-event-start-date\" data-event-start=\"1634133600\" data-event-format=\"d\/m\/Y\" itemprop=\"startDate\" content=\"2021-10-13T11:00:00-03:00\">13\/10\/2021<\/span>&nbsp;&nbsp;<span class=\"simcal-event-start simcal-event-start-time\" data-event-start=\"1634133600\" data-event-format=\"G:i a\" itemprop=\"startDate\" content=\"2021-10-13T11:00:00-03:00\">11:00 am<\/span> - <span class=\"simcal-event-end simcal-event-end-time\" data-event-end=\"1634137200\" data-event-format=\"G:i a\" itemprop=\"endDate\" content=\"2021-10-13T12:00:00-03:00\">12:00 pm<\/span><br \/>\n <span class=\"simcal-event-address simcal-event-start-location\" itemprop=\"location\" itemscope itemtype=\"http:\/\/schema.org\/Place\"><meta itemprop=\"name\" content=\"Campos Magn\u00e9ticos Cosmol\u00f3gicos\" \/><meta itemprop=\"address\" content=\"Campos Magn\u00e9ticos Cosmol\u00f3gicos\" \/><\/span><\/p>\n<div><div class=\"simcal-event-description\" itemprop=\"description\"><p><b>Expositora<\/b><br \/>&nbsp;&nbsp; Alejandra Kandus.<\/p>\n<p><a href=\"https:\/\/rafa2021.sytes.net\/pdf\/T2301\" id=\"ow56628\"><b>Ver resumen.<\/b><\/a><\/p>\n<\/div><\/div><\/div>\n\t<\/li>\n\t<li class=\"simcal-event simcal-events-calendar-2736\" style=\"\" itemscope itemtype=\"http:\/\/schema.org\/Event\" data-start=\"1634137200\">\n\t\t<div class=\"simcal-event-details\"><p><strong><span class=\"simcal-event-title\" itemprop=\"name\">Gravedad cu\u00e1ntica en espacios de Sitter y Teor\u00eda M<\/span><\/strong><\/p>\n<p><span class=\"simcal-event-start simcal-event-start-date\" data-event-start=\"1634137200\" data-event-format=\"d\/m\/Y\" itemprop=\"startDate\" content=\"2021-10-13T12:00:00-03:00\">13\/10\/2021<\/span>&nbsp;&nbsp;<span class=\"simcal-event-start simcal-event-start-time\" data-event-start=\"1634137200\" data-event-format=\"G:i a\" itemprop=\"startDate\" content=\"2021-10-13T12:00:00-03:00\">12:00 pm<\/span> - <span class=\"simcal-event-end simcal-event-end-time\" data-event-end=\"1634138400\" data-event-format=\"G:i a\" itemprop=\"endDate\" content=\"2021-10-13T12:20:00-03:00\">12:20 pm<\/span><br \/>\n <span class=\"simcal-event-address simcal-event-start-location\" itemprop=\"location\" itemscope itemtype=\"http:\/\/schema.org\/Place\"><meta itemprop=\"name\" content=\"Gravedad cu\u00e1ntica en espacios de Sitter y Teor\u00eda M\" \/><meta itemprop=\"address\" content=\"Gravedad cu\u00e1ntica en espacios de Sitter y Teor\u00eda M\" \/><\/span><\/p>\n<div><div class=\"simcal-event-description\" itemprop=\"description\"><p><b>Expositor<\/b><br \/>&nbsp;&nbsp; Gonzalo Torroba. <\/p>\n<p><a href=\"https:\/\/rafa2021.sytes.net\/pdf\/P7661\" id=\"ow56827\"><b>Ver resumen.<\/b><\/a><\/p>\n<\/div><\/div><\/div>\n\t<\/li>\n\t<li class=\"simcal-event simcal-events-calendar-2736\" style=\"\" itemscope itemtype=\"http:\/\/schema.org\/Event\" data-start=\"1634138400\">\n\t\t<div class=\"simcal-event-details\"><p><strong><span class=\"simcal-event-title\" itemprop=\"name\">Towards improved constraints on modified gravity using Einstein rings<\/span><\/strong><\/p>\n<p><span class=\"simcal-event-start simcal-event-start-date\" data-event-start=\"1634138400\" data-event-format=\"d\/m\/Y\" itemprop=\"startDate\" content=\"2021-10-13T12:20:00-03:00\">13\/10\/2021<\/span>&nbsp;&nbsp;<span class=\"simcal-event-start simcal-event-start-time\" data-event-start=\"1634138400\" data-event-format=\"G:i a\" itemprop=\"startDate\" content=\"2021-10-13T12:20:00-03:00\">12:20 pm<\/span> - <span class=\"simcal-event-end simcal-event-end-time\" data-event-end=\"1634139600\" data-event-format=\"G:i a\" itemprop=\"endDate\" content=\"2021-10-13T12:40:00-03:00\">12:40 pm<\/span><br \/>\n <span class=\"simcal-event-address simcal-event-start-location\" itemprop=\"location\" itemscope itemtype=\"http:\/\/schema.org\/Place\"><meta itemprop=\"name\" content=\"Towards improved constraints on modified gravity using Einstein rings\" \/><meta itemprop=\"address\" content=\"Towards improved constraints on modified gravity using Einstein rings\" \/><\/span><\/p>\n<div><div class=\"simcal-event-description\" itemprop=\"description\"><p><b>Expositor<\/b><br \/>&nbsp;&nbsp; Martin Makler.<\/p>\n<p><a href=\"https:\/\/rafa2021.sytes.net\/pdf\/P7659\" id=\"ow57029\"><b>Ver resumen.<\/b><\/a><\/p>\n<\/div><\/div><\/div>\n\t<\/li>\n\t<li class=\"simcal-event simcal-events-calendar-2736\" style=\"\" itemscope itemtype=\"http:\/\/schema.org\/Event\" data-start=\"1634139600\">\n\t\t<div class=\"simcal-event-details\"><p><strong><span class=\"simcal-event-title\" itemprop=\"name\">P\u00f3sters<\/span><\/strong><\/p>\n<p><span class=\"simcal-event-start simcal-event-start-date\" data-event-start=\"1634139600\" data-event-format=\"d\/m\/Y\" itemprop=\"startDate\" content=\"2021-10-13T12:40:00-03:00\">13\/10\/2021<\/span>&nbsp;&nbsp;<span class=\"simcal-event-start simcal-event-start-time\" data-event-start=\"1634139600\" data-event-format=\"G:i a\" itemprop=\"startDate\" content=\"2021-10-13T12:40:00-03:00\">12:40 pm<\/span> - <span class=\"simcal-event-end simcal-event-end-time\" data-event-end=\"1634140800\" data-event-format=\"G:i a\" itemprop=\"endDate\" content=\"2021-10-13T13:00:00-03:00\">13:00 pm<\/span><br \/>\n <span class=\"simcal-event-address simcal-event-start-location\" itemprop=\"location\" itemscope itemtype=\"http:\/\/schema.org\/Place\"><meta itemprop=\"name\" content=\"P\u00f3sters\" \/><meta itemprop=\"address\" content=\"P\u00f3sters\" \/><\/span><\/p>\n<div><\/div><\/div>\n\t<\/li>\n<\/ul>\n\n<\/dd>\n\t<dt class=\"simcal-day-label\" style=\"border-bottom: 1px solid #14259b;\" ><span style=\"background-color: #14259b; color: #ffffff;\"><span class=\"simcal-date-format\" data-date-format=\"d\/m\/Y\">14\/10\/2021<\/span> <\/span><\/dt>\n<dd class=\"simcal-weekday-4 simcal-past simcal-day simcal-day-has-events simcal-day-has-1-events simcal-events-calendar-2736 simcal-day-has-events simcal-day-has-2-events simcal-events-calendar-2736 simcal-day-has-events simcal-day-has-3-events simcal-events-calendar-2736 simcal-day-has-events simcal-day-has-4-events simcal-events-calendar-2736 simcal-day-has-events simcal-day-has-5-events simcal-events-calendar-2736\" data-events-count=\"5\">\n\t<ul class=\"simcal-events\">\n\t<li class=\"simcal-event simcal-events-calendar-2736\" style=\"\" itemscope itemtype=\"http:\/\/schema.org\/Event\" data-start=\"1634216400\">\n\t\t<div class=\"simcal-event-details\"><p><strong><span class=\"simcal-event-title\" itemprop=\"name\">Acorralando neutrinos y materia oscura con una misma tecnolog\u00eda<\/span><\/strong><\/p>\n<p><span class=\"simcal-event-start simcal-event-start-date\" data-event-start=\"1634216400\" data-event-format=\"d\/m\/Y\" itemprop=\"startDate\" content=\"2021-10-14T10:00:00-03:00\">14\/10\/2021<\/span>&nbsp;&nbsp;<span class=\"simcal-event-start simcal-event-start-time\" data-event-start=\"1634216400\" data-event-format=\"G:i a\" itemprop=\"startDate\" content=\"2021-10-14T10:00:00-03:00\">10:00 am<\/span> - <span class=\"simcal-event-end simcal-event-end-time\" data-event-end=\"1634218800\" data-event-format=\"G:i a\" itemprop=\"endDate\" content=\"2021-10-14T10:40:00-03:00\">10:40 am<\/span><br \/>\n <span class=\"simcal-event-address simcal-event-start-location\" itemprop=\"location\" itemscope itemtype=\"http:\/\/schema.org\/Place\"><meta itemprop=\"name\" content=\"Acorralando neutrinos y materia oscura con una misma tecnolog\u00eda\" \/><meta itemprop=\"address\" content=\"Acorralando neutrinos y materia oscura con una misma tecnolog\u00eda\" \/><\/span><\/p>\n<div><div class=\"simcal-event-description\" itemprop=\"description\"><p><b>Expositor<\/b><br \/>&nbsp;&nbsp; Dar\u00edo Rodrigues. <\/p>\n<p><a href=\"https:\/\/rafa2021.sytes.net\/pdf\/P8157\" id=\"ow57289\"><b>Ver resumen.<\/b><\/a><\/p>\n<\/div><\/div><\/div>\n\t<\/li>\n\t<li class=\"simcal-event simcal-events-calendar-2736\" style=\"\" itemscope itemtype=\"http:\/\/schema.org\/Event\" data-start=\"1634218800\">\n\t\t<div class=\"simcal-event-details\"><p><strong><span class=\"simcal-event-title\" itemprop=\"name\">B\u00fasquedas de part\u00edculas supersim\u00e9tricas v\u00eda producci\u00f3n fuerte con detector ATLAS<\/span><\/strong><\/p>\n<p><span class=\"simcal-event-start simcal-event-start-date\" data-event-start=\"1634218800\" data-event-format=\"d\/m\/Y\" itemprop=\"startDate\" content=\"2021-10-14T10:40:00-03:00\">14\/10\/2021<\/span>&nbsp;&nbsp;<span class=\"simcal-event-start simcal-event-start-time\" data-event-start=\"1634218800\" data-event-format=\"G:i a\" itemprop=\"startDate\" content=\"2021-10-14T10:40:00-03:00\">10:40 am<\/span> - <span class=\"simcal-event-end simcal-event-end-time\" data-event-end=\"1634220000\" data-event-format=\"G:i a\" itemprop=\"endDate\" content=\"2021-10-14T11:00:00-03:00\">11:00 am<\/span><br \/>\n <span class=\"simcal-event-address simcal-event-start-location\" itemprop=\"location\" itemscope itemtype=\"http:\/\/schema.org\/Place\"><meta itemprop=\"name\" content=\"B\u00fasquedas de part\u00edculas supersim\u00e9tricas v\u00eda producci\u00f3n fuerte con detector ATLAS\" \/><meta itemprop=\"address\" content=\"B\u00fasquedas de part\u00edculas supersim\u00e9tricas v\u00eda producci\u00f3n fuerte con detector ATLAS\" \/><\/span><\/p>\n<div><div class=\"simcal-event-description\" itemprop=\"description\"><p><b>Expositor<\/b><br \/>&nbsp;&nbsp; Joaquin Hoya.<\/p>\n<p><a href=\"https:\/\/rafa2021.sytes.net\/pdf\/P7909\" id=\"ow57491\"><b>Ver resumen.<\/b><\/a><\/p>\n<\/div><\/div><\/div>\n\t<\/li>\n\t<li class=\"simcal-event simcal-events-calendar-2736\" style=\"\" itemscope itemtype=\"http:\/\/schema.org\/Event\" data-start=\"1634220000\">\n\t\t<div class=\"simcal-event-details\"><p><strong><span class=\"simcal-event-title\" itemprop=\"name\">El experimento DUNE: la pr\u00f3xima generaci\u00f3n de detectores de neutrinos.<\/span><\/strong><\/p>\n<p><span class=\"simcal-event-start simcal-event-start-date\" data-event-start=\"1634220000\" data-event-format=\"d\/m\/Y\" itemprop=\"startDate\" content=\"2021-10-14T11:00:00-03:00\">14\/10\/2021<\/span>&nbsp;&nbsp;<span class=\"simcal-event-start simcal-event-start-time\" data-event-start=\"1634220000\" data-event-format=\"G:i a\" itemprop=\"startDate\" content=\"2021-10-14T11:00:00-03:00\">11:00 am<\/span> - <span class=\"simcal-event-end simcal-event-end-time\" data-event-end=\"1634223600\" data-event-format=\"G:i a\" itemprop=\"endDate\" content=\"2021-10-14T12:00:00-03:00\">12:00 pm<\/span><br \/>\n <span class=\"simcal-event-address simcal-event-start-location\" itemprop=\"location\" itemscope itemtype=\"http:\/\/schema.org\/Place\"><meta itemprop=\"name\" content=\"El experimento DUNE: la pr\u00f3xima generaci\u00f3n de detectores de neutrinos.\" \/><meta itemprop=\"address\" content=\"El experimento DUNE: la pr\u00f3xima generaci\u00f3n de detectores de neutrinos.\" \/><\/span><\/p>\n<div><div class=\"simcal-event-description\" itemprop=\"description\"><p><b>Expositora<\/b><br \/>&nbsp;&nbsp; Sabrina SacerdotI. <\/p>\n<p><a href=\"https:\/\/rafa2021.sytes.net\/pdf\/T2302\" id=\"ow57693\"><b>Ver resumen.<\/b><\/a><\/p>\n<\/div><\/div><\/div>\n\t<\/li>\n\t<li class=\"simcal-event simcal-events-calendar-2736\" style=\"\" itemscope itemtype=\"http:\/\/schema.org\/Event\" data-start=\"1634223600\">\n\t\t<div class=\"simcal-event-details\"><p><strong><span class=\"simcal-event-title\" itemprop=\"name\">F\u00edsica de neutrinos con el experimento CONNIE<\/span><\/strong><\/p>\n<p><span class=\"simcal-event-start simcal-event-start-date\" data-event-start=\"1634223600\" data-event-format=\"d\/m\/Y\" itemprop=\"startDate\" content=\"2021-10-14T12:00:00-03:00\">14\/10\/2021<\/span>&nbsp;&nbsp;<span class=\"simcal-event-start simcal-event-start-time\" data-event-start=\"1634223600\" data-event-format=\"G:i a\" itemprop=\"startDate\" content=\"2021-10-14T12:00:00-03:00\">12:00 pm<\/span> - <span class=\"simcal-event-end simcal-event-end-time\" data-event-end=\"1634224800\" data-event-format=\"G:i a\" itemprop=\"endDate\" content=\"2021-10-14T12:20:00-03:00\">12:20 pm<\/span><br \/>\n <span class=\"simcal-event-address simcal-event-start-location\" itemprop=\"location\" itemscope itemtype=\"http:\/\/schema.org\/Place\"><meta itemprop=\"name\" content=\"F\u00edsica de neutrinos con el experimento CONNIE\" \/><meta itemprop=\"address\" content=\"F\u00edsica de neutrinos con el experimento CONNIE\" \/><\/span><\/p>\n<div><div class=\"simcal-event-description\" itemprop=\"description\"><p><b>Expositora<\/b><br \/>&nbsp;&nbsp; Carla Bonifazi. <\/p>\n<p><a href=\"https:\/\/rafa2021.sytes.net\/pdf\/P8265\" id=\"ow57895\"><b>Ver resumen.<\/b><\/a><\/p>\n<\/div><\/div><\/div>\n\t<\/li>\n\t<li class=\"simcal-event simcal-events-calendar-2736\" style=\"\" itemscope itemtype=\"http:\/\/schema.org\/Event\" data-start=\"1634224800\">\n\t\t<div class=\"simcal-event-details\"><p><strong><span class=\"simcal-event-title\" itemprop=\"name\">The First Latin American Strategy Forum for Research Infrastructure for High Energy, Cosmology and Astroparticle Physics<\/span><\/strong><\/p>\n<p><span class=\"simcal-event-start simcal-event-start-date\" data-event-start=\"1634224800\" data-event-format=\"d\/m\/Y\" itemprop=\"startDate\" content=\"2021-10-14T12:20:00-03:00\">14\/10\/2021<\/span>&nbsp;&nbsp;<span class=\"simcal-event-start simcal-event-start-time\" data-event-start=\"1634224800\" data-event-format=\"G:i a\" itemprop=\"startDate\" content=\"2021-10-14T12:20:00-03:00\">12:20 pm<\/span> - <span class=\"simcal-event-end simcal-event-end-time\" data-event-end=\"1634227200\" data-event-format=\"G:i a\" itemprop=\"endDate\" content=\"2021-10-14T13:00:00-03:00\">13:00 pm<\/span><br \/>\n <span class=\"simcal-event-address simcal-event-start-location\" itemprop=\"location\" itemscope itemtype=\"http:\/\/schema.org\/Place\"><meta itemprop=\"name\" content=\"The First Latin American Strategy Forum for Research Infrastructure for High Energy, Cosmology and Astroparticle Physics\" \/><meta itemprop=\"address\" content=\"The First Latin American Strategy Forum for Research Infrastructure for High Energy, Cosmology and Astroparticle Physics\" \/><\/span><\/p>\n<div><div class=\"simcal-event-description\" itemprop=\"description\"><p><b>Expositor<\/b><br \/>&nbsp;&nbsp; Hernan Wahlberg. <\/p>\n<p><a href=\"https:\/\/rafa2021.sytes.net\/pdf\/P7856\" id=\"ow58096\"><b>Ver resumen.<\/b><\/a><\/p>\n<\/div><\/div><\/div>\n\t<\/li>\n<\/ul>\n\n<\/dd>\n<\/dl><div class=\"simcal-ajax-loader simcal-spinner-top\" style=\"display: none;\"><i class=\"simcal-icon-spinner simcal-icon-spin\"><\/i><\/div><\/div><\/div>\t\t<\/div>\n\t\t\t\t<\/div>\n\t\t\t\t\t<\/div>\n\t\t<\/div>\n\t\t\t\t<div class=\"elementor-column elementor-col-33 elementor-top-column elementor-element elementor-element-f362a53\" data-id=\"f362a53\" data-element_type=\"column\">\n\t\t\t<div class=\"elementor-widget-wrap elementor-element-populated\">\n\t\t\t\t\t\t\t\t<div class=\"elementor-element elementor-element-de7aa6a elementor-widget elementor-widget-text-editor\" data-id=\"de7aa6a\" data-element_type=\"widget\" data-widget_type=\"text-editor.default\">\n\t\t\t\t<div class=\"elementor-widget-container\">\n\t\t\t\t\t\t\t<p><strong>Coordinadora<\/strong><br \/><strong>Cecilia Bejarano<\/strong><br \/>IAFE &#8211; CONICET, Universidad Nacional de Buenos Aires<\/p>\t\t\t\t\t\t<\/div>\n\t\t\t\t<\/div>\n\t\t\t\t<div class=\"elementor-element elementor-element-8e7904b elementor-widget elementor-widget-button\" data-id=\"8e7904b\" data-element_type=\"widget\" data-widget_type=\"button.default\">\n\t\t\t\t<div class=\"elementor-widget-container\">\n\t\t\t\t\t<div class=\"elementor-button-wrapper\">\n\t\t\t<a href=\"https:\/\/calendar.google.com\/calendar\/u\/0?cid=NnVncjFzM2trc2o4NDB1ZmRmcWpycTc2ZTRAZ3JvdXAuY2FsZW5kYXIuZ29vZ2xlLmNvbQ\" class=\"elementor-button-link elementor-button elementor-size-lg\" role=\"button\">\n\t\t\t\t\t\t<span class=\"elementor-button-content-wrapper\">\n\t\t\t\t\t\t<span class=\"elementor-button-text\">Copiar en mi calendario<\/span>\n\t\t<\/span>\n\t\t\t\t\t<\/a>\n\t\t<\/div>\n\t\t\t\t<\/div>\n\t\t\t\t<\/div>\n\t\t\t\t\t<\/div>\n\t\t<\/div>\n\t\t\t\t\t\t\t<\/div>\n\t\t<\/section>\n\t\t\t\t\t\t<\/div>\n\t\t\t\t\t<\/div>\n\t\t","protected":false},"excerpt":{"rendered":"<p>CoordinadoraCecilia BejaranoIAFE &#8211; CONICET, Universidad Nacional de Buenos Aires Copiar en mi calendario<\/p>\n","protected":false},"author":2,"featured_media":0,"parent":94,"menu_order":0,"comment_status":"closed","ping_status":"closed","template":"","meta":{"neve_meta_sidebar":"full-width","neve_meta_container":"","neve_meta_enable_content_width":"off","neve_meta_content_width":100,"neve_meta_title_alignment":"","neve_meta_author_avatar":"","neve_post_elements_order":"","neve_meta_disable_header":"","neve_meta_disable_footer":"","neve_meta_disable_title":"","_ti_tpc_template_sync":false,"_ti_tpc_template_id":"","footnotes":""},"class_list":["post-2737","page","type-page","status-publish","hentry"],"_links":{"self":[{"href":"http:\/\/rafa.fisica.org.ar\/en\/wp-json\/wp\/v2\/pages\/2737","targetHints":{"allow":["GET"]}}],"collection":[{"href":"http:\/\/rafa.fisica.org.ar\/en\/wp-json\/wp\/v2\/pages"}],"about":[{"href":"http:\/\/rafa.fisica.org.ar\/en\/wp-json\/wp\/v2\/types\/page"}],"author":[{"embeddable":true,"href":"http:\/\/rafa.fisica.org.ar\/en\/wp-json\/wp\/v2\/users\/2"}],"replies":[{"embeddable":true,"href":"http:\/\/rafa.fisica.org.ar\/en\/wp-json\/wp\/v2\/comments?post=2737"}],"version-history":[{"count":16,"href":"http:\/\/rafa.fisica.org.ar\/en\/wp-json\/wp\/v2\/pages\/2737\/revisions"}],"predecessor-version":[{"id":3089,"href":"http:\/\/rafa.fisica.org.ar\/en\/wp-json\/wp\/v2\/pages\/2737\/revisions\/3089"}],"up":[{"embeddable":true,"href":"http:\/\/rafa.fisica.org.ar\/en\/wp-json\/wp\/v2\/pages\/94"}],"wp:attachment":[{"href":"http:\/\/rafa.fisica.org.ar\/en\/wp-json\/wp\/v2\/media?parent=2737"}],"curies":[{"name":"wp","href":"https:\/\/api.w.org\/{rel}","templated":true}]}}